{"id":953,"date":"2020-09-10T13:59:53","date_gmt":"2020-09-10T11:59:53","guid":{"rendered":"https:\/\/blogs.nabu.de\/thueringen\/wp-content\/uploads\/sites\/11\/2020\/09\/Mein-Film.mp4"},"modified":"2020-09-10T14:21:25","modified_gmt":"2020-09-10T12:21:25","slug":"mein-film","status":"inherit","type":"attachment","link":"https:\/\/blogs.nabu.de\/thueringen\/2020\/09\/gibt-es-erstmals-luchsnachwuchs-in-suedthueringen\/mein-film\/","title":{"rendered":"Mein Film"},"author":73,"comment_status":"open","ping_status":"closed","template":"","meta":{"jetpack_post_was_ever_published":false},"jetpack_videopress_guid":"","jetpack_videopress":{"title":"Mein Film","description":"Silvester Tam\u00e1s am 09.09.2020 vor Ort im sch\u00f6nen Wisentatal im Schiefergebirge (Th\u00fcringen). Video: Silvester Tam\u00e1s.","caption":"Silvester Tam\u00e1s am 09.09.2020 vor Ort im sch\u00f6nen Wisentatal im Schiefergebirge (Th\u00fcringen). Video: Silvester Tam\u00e1s.","guid":null,"rating":null,"allow_download":0,"display_embed":0,"privacy_setting":2,"needs_playback_token":false,"is_private":false,"private_enabled_for_site":false},"jetpack_shortlink":"https:\/\/wp.me\/a9cVpQ-fn","description":{"rendered":"<div style=\"width: 940px;\" class=\"wp-video\"><!--[if lt IE 9]><script>document.createElement('video');<\/script><![endif]-->\n<video class=\"wp-video-shortcode\" id=\"video-953-1\" width=\"940\" height=\"529\" preload=\"metadata\" controls=\"controls\"><source type=\"video\/mp4\" src=\"https:\/\/blogs.nabu.de\/thueringen\/wp-content\/uploads\/sites\/11\/2020\/09\/Mein-Film.mp4?_=1\" \/><a href=\"https:\/\/blogs.nabu.de\/thueringen\/wp-content\/uploads\/sites\/11\/2020\/09\/Mein-Film.mp4\">https:\/\/blogs.nabu.de\/thueringen\/wp-content\/uploads\/sites\/11\/2020\/09\/Mein-Film.mp4<\/a><\/video><\/div>\n<p>Silvester Tam\u00e1s am 09.09.2020 vor Ort im sch\u00f6nen Wisentatal im Schiefergebirge (Th\u00fcringen). Video: Silvester Tam\u00e1s.<\/p>\n<!-- Begin Yuzo --><div class='yuzo_related_post style-1'  data-version='5.12.74'><!-- without result --><div class='yuzo_clearfixed yuzo__title yuzo__title'><h3>Related Post<\/h3><\/div>\n\t\t\t\t\t\t  <div class=\"relatedthumb \" style=\"width:125px;float:left;overflow:hidden;\">  \n\t\t\t\t\t\t\t  \n\t\t\t\t\t\t\t  <a  href=\"https:\/\/blogs.nabu.de\/thueringen\/2017\/11\/sehnsucht-nach-wildnis-hat-auch-der-luchs\/\"  >\n\t\t\t\t\t\t\t\t\t  <div class=\"yuzo-img-wrap \" style=\"width: 125px;height:90px;\">\n\t\t\t\t\t\t\t\t\t\t\n\t\t\t\t\t\t\t\t\t\t<div class=\"yuzo-img\" style=\"background:url('https:\/\/blogs.nabu.de\/thueringen\/wp-content\/uploads\/sites\/11\/2017\/11\/23511053_1524384754263615_5530808459447535868_o-150x150.jpg') 50% 50% no-repeat;width: 125px;height:90px;margin-bottom: 5px;background-size: cover; \"><\/div>\n\t\t\t\t\t\t\t\t\t  <\/div>\n\t\t\t\t\t\t\t\t\t  \n\t\t\t\t\t\t\t\t   <span class=\"yuzo__text--title\" style=\"font-size:13px;\">Sehnsucht nach Wildnis hat auch der Luchs<\/span>\n\t\t\t\t\t\t\t  \n\t\t\t\t\t\t\t  \n\t\t\t\t\t\t\t  <\/a>\n\n\t\t\t\t\t\t  <\/div>\n\t\t\t\t\t\t  <div class=\"relatedthumb \" style=\"width:125px;float:left;overflow:hidden;\">  \n\t\t\t\t\t\t\t  \n\t\t\t\t\t\t\t  <a  href=\"https:\/\/blogs.nabu.de\/thueringen\/2018\/12\/der-luchs-sorgt-fuer-grosses-interesse-in-muehlhausen\/\"  >\n\t\t\t\t\t\t\t\t\t  <div class=\"yuzo-img-wrap \" style=\"width: 125px;height:90px;\">\n\t\t\t\t\t\t\t\t\t\t\n\t\t\t\t\t\t\t\t\t\t<div class=\"yuzo-img\" style=\"background:url('https:\/\/blogs.nabu.de\/thueringen\/wp-content\/uploads\/sites\/11\/2018\/12\/20160215_111924-neu-150x150.jpg') 50% 50% no-repeat;width: 125px;height:90px;margin-bottom: 5px;background-size: cover; \"><\/div>\n\t\t\t\t\t\t\t\t\t  <\/div>\n\t\t\t\t\t\t\t\t\t  \n\t\t\t\t\t\t\t\t   <span class=\"yuzo__text--title\" style=\"font-size:13px;\">Der Luchs sorgt f\u00fcr gro\u00dfes Interesse in M\u00fchlhausen...<\/span>\n\t\t\t\t\t\t\t  \n\t\t\t\t\t\t\t  \n\t\t\t\t\t\t\t  <\/a>\n\n\t\t\t\t\t\t  <\/div>\n\t\t\t\t\t\t  <div class=\"relatedthumb \" style=\"width:125px;float:left;overflow:hidden;\">  \n\t\t\t\t\t\t\t  \n\t\t\t\t\t\t\t  <a  href=\"https:\/\/blogs.nabu.de\/thueringen\/2019\/03\/schlaegt-das-gruene-herz-auch-fuer-den-luchs\/\"  >\n\t\t\t\t\t\t\t\t\t  <div class=\"yuzo-img-wrap \" style=\"width: 125px;height:90px;\">\n\t\t\t\t\t\t\t\t\t\t\n\t\t\t\t\t\t\t\t\t\t<div class=\"yuzo-img\" style=\"background:url('https:\/\/blogs.nabu.de\/thueringen\/wp-content\/uploads\/sites\/11\/2019\/03\/IMG_20190315_133814-150x150.jpg') 50% 50% no-repeat;width: 125px;height:90px;margin-bottom: 5px;background-size: cover; \"><\/div>\n\t\t\t\t\t\t\t\t\t  <\/div>\n\t\t\t\t\t\t\t\t\t  \n\t\t\t\t\t\t\t\t   <span class=\"yuzo__text--title\" style=\"font-size:13px;\">Schl\u00e4gt das Gr\u00fcne Herz auch f\u00fcr den Luchs ?<\/span>\n\t\t\t\t\t\t\t  \n\t\t\t\t\t\t\t  \n\t\t\t\t\t\t\t  <\/a>\n\n\t\t\t\t\t\t  <\/div>\n\t\t\t\t\t\t  <div class=\"relatedthumb \" style=\"width:125px;float:left;overflow:hidden;\">  \n\t\t\t\t\t\t\t  \n\t\t\t\t\t\t\t  <a  href=\"https:\/\/blogs.nabu.de\/thueringen\/2021\/06\/luchse-brauchen-zu-erst-sichere-lebensraeume\/\"  >\n\t\t\t\t\t\t\t\t\t  <div class=\"yuzo-img-wrap \" style=\"width: 125px;height:90px;\">\n\t\t\t\t\t\t\t\t\t\t\n\t\t\t\t\t\t\t\t\t\t<div class=\"yuzo-img\" style=\"background:url('https:\/\/blogs.nabu.de\/thueringen\/wp-content\/uploads\/sites\/11\/2021\/06\/Dirk-Rudat-Luchsin-Mira-am-Th\u00fcringer-Meer-23.05.2021-150x150.jpeg') 50% 50% no-repeat;width: 125px;height:90px;margin-bottom: 5px;background-size: cover; \"><\/div>\n\t\t\t\t\t\t\t\t\t  <\/div>\n\t\t\t\t\t\t\t\t\t  \n\t\t\t\t\t\t\t\t   <span class=\"yuzo__text--title\" style=\"font-size:13px;\">Luchse brauchen zuerst sichere Lebensr\u00e4ume<\/span>\n\t\t\t\t\t\t\t  \n\t\t\t\t\t\t\t  \n\t\t\t\t\t\t\t  <\/a>\n\n\t\t\t\t\t\t  <\/div>\n<\/div> <style>\n\t\t\t\t\t\t\t\t.yuzo_related_post img{width:120px !important; height:110px !important;}\n\t\t\t\t\t\t\t\t.yuzo_related_post .relatedthumb{line-height:15px;background: !important;color:!important;}\n\t\t\t\t\t\t\t\t.yuzo_related_post .relatedthumb:hover{background:#fcfcf4 !important; -webkit-transition: background 0.2s linear; -moz-transition: background 0.2s linear; -o-transition: background 0.2s linear; transition: background 0.2s linear;;color:!important;}\n\t\t\t\t\t\t\t\t.yuzo_related_post .relatedthumb a{color:!important;}\n\t\t\t\t\t\t\t\t.yuzo_related_post .relatedthumb a:hover{ color:}!important;}\n\t\t\t\t\t\t\t\t.yuzo_related_post .relatedthumb:hover a{ color:!important;}\n\t\t\t\t\t\t\t\t.yuzo_related_post .yuzo_text {color:!important;}\n\t\t\t\t\t\t\t\t.yuzo_related_post .relatedthumb:hover .yuzo_text {color:!important;}\n\t\t\t\t\t\t\t\t.yuzo_related_post .relatedthumb{  margin: 0px  0px  0px  0px;   padding: 5px  5px  5px  5px;  }\n\t\t\t\t\t\t\t\t\n\t\t\t\t\t\t\t\t<\/style> <script>\n\t\t\t\t\t\t  jQuery(document).ready(function( $ ){\n\t\t\t\t\t\t\t\/\/jQuery('.yuzo_related_post').equalizer({ overflow : 'relatedthumb' });\n\t\t\t\t\t\t\tjQuery('.yuzo_related_post .yuzo_wraps').equalizer({ columns : '> div' });\n\t\t\t\t\t\t   })\n\t\t\t\t\t\t  <\/script> <!-- End Yuzo :) -->"},"caption":{"rendered":"<p>Silvester Tam\u00e1s am 09.09.2020 vor Ort im sch\u00f6nen Wisentatal im Schiefergebirge (Th\u00fcringen). Video: Silvester Tam\u00e1s.<\/p>\n"},"alt_text":"","media_type":"file","mime_type":"video\/mp4","media_details":{"filesize":60987232,"mime_type":"video\/mp4","length":223,"length_formatted":"3:43","width":1280,"height":720,"fileformat":"mp4","dataformat":"quicktime","audio":{"dataformat":"mp4","codec":"ISO\/IEC 14496-3 AAC","sample_rate":48000,"channels":2,"bits_per_sample":16,"lossless":false,"channelmode":"stereo"},"created_timestamp":1599738824,"sizes":{}},"post":952,"source_url":"https:\/\/blogs.nabu.de\/thueringen\/wp-content\/uploads\/sites\/11\/2020\/09\/Mein-Film.mp4","_links":{"self":[{"href":"https:\/\/blogs.nabu.de\/thueringen\/wp-json\/wp\/v2\/media\/953"}],"collection":[{"href":"https:\/\/blogs.nabu.de\/thueringen\/wp-json\/wp\/v2\/media"}],"about":[{"href":"https:\/\/blogs.nabu.de\/thueringen\/wp-json\/wp\/v2\/types\/attachment"}],"author":[{"embeddable":true,"href":"https:\/\/blogs.nabu.de\/thueringen\/wp-json\/wp\/v2\/users\/73"}],"replies":[{"embeddable":true,"href":"https:\/\/blogs.nabu.de\/thueringen\/wp-json\/wp\/v2\/comments?post=953"}]}}